{"version":"1.0","provider_name":"Haber Ver K\u0131br\u0131s","provider_url":"https:\/\/haberverkibris.com","author_name":"Haberver K\u0131br\u0131s","author_url":"https:\/\/haberverkibris.com\/index.php\/author\/guven\/","title":"Rusya, Almanya'ya protesto notas\u0131 verdi - Haber Ver K\u0131br\u0131s","type":"rich","width":600,"height":338,"html":"<blockquote class=\"wp-embedded-content\" data-secret=\"1qMdsMUj6h\"><a href=\"https:\/\/haberverkibris.com\/index.php\/2026\/04\/27\/rusya-almanyaya-protesto-notasi-verdi\/\">Rusya, Almanya&#8217;ya protesto notas\u0131 verdi<\/a><\/blockquote><iframe sandbox=\"allow-scripts\" security=\"restricted\" src=\"https:\/\/haberverkibris.com\/index.php\/2026\/04\/27\/rusya-almanyaya-protesto-notasi-verdi\/embed\/#?secret=1qMdsMUj6h\" width=\"600\" height=\"338\" title=\"&#8220;Rusya, Almanya&#8217;ya protesto notas\u0131 verdi&#8221; &#8212; Haber Ver K\u0131br\u0131s\" data-secret=\"1qMdsMUj6h\" frameborder=\"0\" marginwidth=\"0\" marginheight=\"0\" scrolling=\"no\" class=\"wp-embedded-content\"><\/iframe><script type=\"text\/javascript\">\n\/* <![CDATA[ *\/\n\/*! This file is auto-generated *\/\n!function(d,l){\"use strict\";l.querySelector&&d.addEventListener&&\"undefined\"!=typeof URL&&(d.wp=d.wp||{},d.wp.receiveEmbedMessage||(d.wp.receiveEmbedMessage=function(e){var t=e.data;if((t||t.secret||t.message||t.value)&&!\/[^a-zA-Z0-9]\/.test(t.secret)){for(var s,r,n,a=l.querySelectorAll('iframe[data-secret=\"'+t.secret+'\"]'),o=l.querySelectorAll('blockquote[data-secret=\"'+t.secret+'\"]'),c=new RegExp(\"^https?:$\",\"i\"),i=0;i<o.length;i++)o[i].style.display=\"none\";for(i=0;i<a.length;i++)s=a[i],e.source===s.contentWindow&&(s.removeAttribute(\"style\"),\"height\"===t.message?(1e3<(r=parseInt(t.value,10))?r=1e3:~~r<200&&(r=200),s.height=r):\"link\"===t.message&&(r=new URL(s.getAttribute(\"src\")),n=new URL(t.value),c.test(n.protocol))&&n.host===r.host&&l.activeElement===s&&(d.top.location.href=t.value))}},d.addEventListener(\"message\",d.wp.receiveEmbedMessage,!1),l.addEventListener(\"DOMContentLoaded\",function(){for(var e,t,s=l.querySelectorAll(\"iframe.wp-embedded-content\"),r=0;r<s.length;r++)(t=(e=s[r]).getAttribute(\"data-secret\"))||(t=Math.random().toString(36).substring(2,12),e.src+=\"#?secret=\"+t,e.setAttribute(\"data-secret\",t)),e.contentWindow.postMessage({message:\"ready\",secret:t},\"*\")},!1)))}(window,document);\n\/\/# sourceURL=https:\/\/haberverkibris.com\/wp-includes\/js\/wp-embed.min.js\n\/* ]]> *\/\n<\/script>\n","thumbnail_url":"https:\/\/trthaberstatic.cdn.wp.trt.com.tr\/resimler\/1722000\/rusya-almanya-getty-1722899.jpg","thumbnail_width":600,"thumbnail_height":338,"description":"&#13; Bakanl\u0131ktan yap\u0131lan a\u00e7\u0131klamada, daha \u00f6nce Ukrayna Devlet Ba\u015fkan\u0131 Volodimir Zelenskiy&#8217;nin y\u00f6netiminin deste\u011fiyle ba\u015fkent Kiev&#8217;de Almanya Federal Meclisi \u00dcyesi Kiesewetter&#8217;in Rusya&#8217;da ter\u00f6r listesine al\u0131nan &#8220;\u0130\u00e7kerya \u00c7e\u00e7en Cumhuriyeti&#8221; Organizasyonu Ba\u015fkan\u0131 Zakayev ile g\u00f6r\u00fc\u015ft\u00fc\u011f\u00fc an\u0131msat\u0131ld\u0131. &#13; S\u00f6z konusu organizasyon \u00fcyelerinin Rus topraklar\u0131na sabotaj eylemlerinde bulundu\u011fu ileri s\u00fcr\u00fclen a\u00e7\u0131klamada, bu nedenle Almanya&#8217;n\u0131n Moskova B\u00fcy\u00fckel\u00e7isi Alexander Graf Lambsdorff&#8217;un bakanl\u0131\u011fa [&hellip;]"}