{"version":"1.0","provider_name":"Haber Ver K\u0131br\u0131s","provider_url":"https:\/\/haberverkibris.com","author_name":"Haberver K\u0131br\u0131s","author_url":"https:\/\/haberverkibris.com\/index.php\/author\/guven\/","title":"\u00c7eler \u0130skele A\u00e7\u0131k Pazar\u0131\u2019n\u0131 ziyaret etti - Haber Ver K\u0131br\u0131s","type":"rich","width":600,"height":338,"html":"<blockquote class=\"wp-embedded-content\" data-secret=\"o74bhuyJG4\"><a href=\"https:\/\/haberverkibris.com\/index.php\/2024\/06\/01\/celer-iskele-acik-pazarini-ziyaret-etti\/\">\u00c7eler \u0130skele A\u00e7\u0131k Pazar\u0131\u2019n\u0131 ziyaret etti<\/a><\/blockquote><iframe sandbox=\"allow-scripts\" security=\"restricted\" src=\"https:\/\/haberverkibris.com\/index.php\/2024\/06\/01\/celer-iskele-acik-pazarini-ziyaret-etti\/embed\/#?secret=o74bhuyJG4\" width=\"600\" height=\"338\" title=\"&#8220;\u00c7eler \u0130skele A\u00e7\u0131k Pazar\u0131\u2019n\u0131 ziyaret etti&#8221; &#8212; Haber Ver K\u0131br\u0131s\" data-secret=\"o74bhuyJG4\" frameborder=\"0\" marginwidth=\"0\" marginheight=\"0\" scrolling=\"no\" class=\"wp-embedded-content\"><\/iframe><script type=\"text\/javascript\">\n\/* <![CDATA[ *\/\n\/*! This file is auto-generated *\/\n!function(d,l){\"use strict\";l.querySelector&&d.addEventListener&&\"undefined\"!=typeof URL&&(d.wp=d.wp||{},d.wp.receiveEmbedMessage||(d.wp.receiveEmbedMessage=function(e){var t=e.data;if((t||t.secret||t.message||t.value)&&!\/[^a-zA-Z0-9]\/.test(t.secret)){for(var s,r,n,a=l.querySelectorAll('iframe[data-secret=\"'+t.secret+'\"]'),o=l.querySelectorAll('blockquote[data-secret=\"'+t.secret+'\"]'),c=new RegExp(\"^https?:$\",\"i\"),i=0;i<o.length;i++)o[i].style.display=\"none\";for(i=0;i<a.length;i++)s=a[i],e.source===s.contentWindow&&(s.removeAttribute(\"style\"),\"height\"===t.message?(1e3<(r=parseInt(t.value,10))?r=1e3:~~r<200&&(r=200),s.height=r):\"link\"===t.message&&(r=new URL(s.getAttribute(\"src\")),n=new URL(t.value),c.test(n.protocol))&&n.host===r.host&&l.activeElement===s&&(d.top.location.href=t.value))}},d.addEventListener(\"message\",d.wp.receiveEmbedMessage,!1),l.addEventListener(\"DOMContentLoaded\",function(){for(var e,t,s=l.querySelectorAll(\"iframe.wp-embedded-content\"),r=0;r<s.length;r++)(t=(e=s[r]).getAttribute(\"data-secret\"))||(t=Math.random().toString(36).substring(2,12),e.src+=\"#?secret=\"+t,e.setAttribute(\"data-secret\",t)),e.contentWindow.postMessage({message:\"ready\",secret:t},\"*\")},!1)))}(window,document);\n\/\/# sourceURL=https:\/\/haberverkibris.com\/wp-includes\/js\/wp-embed.min.js\n\/* ]]> *\/\n<\/script>\n","thumbnail_url":"https:\/\/haberverkibris.com\/wp-content\/uploads\/2024\/06\/celerziy.jpg","thumbnail_width":910,"thumbnail_height":430,"description":"Toplumcu Demokrasi Partisi (TDP) Genel Ba\u015fkan\u0131 Zeki \u00c7eler, d\u00fcn \u0130skele A\u00e7\u0131k Pazar\u0131\u2019n\u0131 ziyaret ederek, bir araya geldi\u011fi yurtta\u015flar ve esnaf\u0131n sorunlar\u0131n\u0131 dinledi. TDP\u2019den yap\u0131lan a\u00e7\u0131klamaya g\u00f6re, \u00c7eler\u2019e TDP \u0130skele \u0130l\u00e7e Ba\u015fkan\u0131 Ercan Y\u00fcz\u00fcak, Ma\u011fusa \u0130l\u00e7e Ba\u015fkan\u0131 Ece Balc\u0131, TDP eski vekillerinden Mustafa Emiro\u011flular\u0131 ve Parti Meclisi \u0130skele \u00fcyeleri e\u015flik etti. Yurtta\u015flar ve esnaf\u0131n \u00c7eler\u2019e demografik [&hellip;]"}