{"version":"1.0","provider_name":"Haber Ver K\u0131br\u0131s","provider_url":"https:\/\/haberverkibris.com","author_name":"Haberver K\u0131br\u0131s","author_url":"https:\/\/haberverkibris.com\/index.php\/author\/guven\/","title":"Naz\u0131m Beratl\u0131 ya\u015fam\u0131n\u0131 yitirdi - Haber Ver K\u0131br\u0131s","type":"rich","width":600,"height":338,"html":"<blockquote class=\"wp-embedded-content\" data-secret=\"8v4476hUth\"><a href=\"https:\/\/haberverkibris.com\/index.php\/2024\/05\/30\/nazim-beratli-yasamini-yitirdi\/\">Naz\u0131m Beratl\u0131 ya\u015fam\u0131n\u0131 yitirdi<\/a><\/blockquote><iframe sandbox=\"allow-scripts\" security=\"restricted\" src=\"https:\/\/haberverkibris.com\/index.php\/2024\/05\/30\/nazim-beratli-yasamini-yitirdi\/embed\/#?secret=8v4476hUth\" width=\"600\" height=\"338\" title=\"&#8220;Naz\u0131m Beratl\u0131 ya\u015fam\u0131n\u0131 yitirdi&#8221; &#8212; Haber Ver K\u0131br\u0131s\" data-secret=\"8v4476hUth\" frameborder=\"0\" marginwidth=\"0\" marginheight=\"0\" scrolling=\"no\" class=\"wp-embedded-content\"><\/iframe><script type=\"text\/javascript\">\n\/* <![CDATA[ *\/\n\/*! This file is auto-generated *\/\n!function(d,l){\"use strict\";l.querySelector&&d.addEventListener&&\"undefined\"!=typeof URL&&(d.wp=d.wp||{},d.wp.receiveEmbedMessage||(d.wp.receiveEmbedMessage=function(e){var t=e.data;if((t||t.secret||t.message||t.value)&&!\/[^a-zA-Z0-9]\/.test(t.secret)){for(var s,r,n,a=l.querySelectorAll('iframe[data-secret=\"'+t.secret+'\"]'),o=l.querySelectorAll('blockquote[data-secret=\"'+t.secret+'\"]'),c=new RegExp(\"^https?:$\",\"i\"),i=0;i<o.length;i++)o[i].style.display=\"none\";for(i=0;i<a.length;i++)s=a[i],e.source===s.contentWindow&&(s.removeAttribute(\"style\"),\"height\"===t.message?(1e3<(r=parseInt(t.value,10))?r=1e3:~~r<200&&(r=200),s.height=r):\"link\"===t.message&&(r=new URL(s.getAttribute(\"src\")),n=new URL(t.value),c.test(n.protocol))&&n.host===r.host&&l.activeElement===s&&(d.top.location.href=t.value))}},d.addEventListener(\"message\",d.wp.receiveEmbedMessage,!1),l.addEventListener(\"DOMContentLoaded\",function(){for(var e,t,s=l.querySelectorAll(\"iframe.wp-embedded-content\"),r=0;r<s.length;r++)(t=(e=s[r]).getAttribute(\"data-secret\"))||(t=Math.random().toString(36).substring(2,12),e.src+=\"#?secret=\"+t,e.setAttribute(\"data-secret\",t)),e.contentWindow.postMessage({message:\"ready\",secret:t},\"*\")},!1)))}(window,document);\n\/\/# sourceURL=https:\/\/haberverkibris.com\/wp-includes\/js\/wp-embed.min.js\n\/* ]]> *\/\n<\/script>\n","thumbnail_url":"https:\/\/haberverkibris.com\/wp-content\/uploads\/2024\/05\/Screenshot_20240530_123443_Instagram.jpg","thumbnail_width":1076,"thumbnail_height":644,"description":"\u00a0 Bayrak Radyo Televizyon Kurumu\u2019nda program yapm\u0131\u1e63, \u00f6\u011fretim \u00fcyesi, Naz\u0131m Beratl\u0131 72 ya\u015f\u0131nda hayat\u0131n\u0131 kaybetti. \u00a0 BRT ailesi olarak Beratl\u0131\u2019ya Allah\u2019tan rahmet, yasl\u0131 ailesine ve sevenlerine ba\u015fsa\u011fl\u0131\u011f\u0131 dileriz. NAZIM BERATLI K\u0130MD\u0130R? \u015eair, yazar, hekim\u2026 1952, Lefke \/ K\u0131br\u0131s do\u011fumlu. \u0130stanbul \u00dcniversitesi T\u0131p Fak\u00fcltesi\u2019nden 1979 y\u0131l\u0131nda mezun oldu. \u00dc\u00e7 y\u0131l s\u00fcre ile K\u0131br\u0131s\u2019ta Pratisyen hekim olarak [&hellip;]"}